{"id":42,"date":"2023-09-21T19:43:03","date_gmt":"2023-09-21T17:43:03","guid":{"rendered":"https:\/\/amelonera.org\/?page_id=42"},"modified":"2024-11-07T18:59:01","modified_gmt":"2024-11-07T17:59:01","slug":"como-participar","status":"publish","type":"page","link":"https:\/\/amelonera.org\/ara\/como-participar\/","title":{"rendered":"\u00bfC\u00f3mo participar?"},"content":{"rendered":"<p><strong>\u00a1Puedes vincularte de muchas formas con A Melonera!<\/strong><\/p>\r\n<ul>\r\n<li><a href=\"#cuotas\">Socias y cuotas<\/a><\/li>\r\n<li><a href=\"#vinculos\">V\u00ednculos<\/a><\/li>\r\n<li><a href=\"#asambleas\">Asembleyas<\/a><\/li>\r\n<li><a href=\"#espacio\">Espacio de treballo colectivo<\/a><\/li>\r\n<li><a href=\"#convivencia\">Convivencia<\/a><\/li>\r\n<li><a href=\"#cuidados\">Cuidados<\/a><\/li>\r\n<\/ul>\r\n\r\n\r\n\r\n<p id=\"cuotas\">Puedes <a href=\"https:\/\/amelonera.org\/ara\/contactar\/\" data-type=\"page\" data-id=\"43\">seguirnos en redes sociales <\/a>y pasarte por las actividades que iremos publicando, o implicarte un poquito m\u00e1s participando<strong> a trav\u00e9s de una cuota y uni\u00e9ndote a los grupos de trabajo.<\/strong><\/p>\r\n\r\n\r\n\r\n<p>El proyecto <strong>A Melonera<\/strong> no se sostiene sin el trabajo de muchas y desgraciadamente tampoco sin dinero, ya que se est\u00e1 desarrollando (al menos por el momento) en un <strong>local alquilado que conlleva gastos mensuales<\/strong>, as\u00ed que proponemos la \u00absuscripci\u00f3n\u00bb a trav\u00e9s de una <strong>cuota<\/strong> para poder hacer frente a esos gastos.<\/p>\r\n\r\n\r\n\r\n<p>Como creemos en la accesibilidad sin importar el poder adquisitivo, (\u00a1Sobre todo, queremos que si quieres venir, vengas!) todas las cuotas son libres. Nos gustar\u00eda que cada cual aportase desde una reflexi\u00f3n honesta y consciente, valorando el esfuerzo que conlleva a todas mantener el espacio a flote y colaborando seg\u00fan sus posibilidades. Si te resulta dif\u00edcil concretar una cifra, sugerimos que estar\u00eda bien aportar 10 euritos al mes, aunque puedes poner menos sin problema si te cuesta (\u00a1y tambi\u00e9n si puedes y te motiva puedes poner m\u00e1s!).<\/p>\r\n\r\n\r\n\r\n<p id=\"vinculos\">Por otro lado, <strong>te animamos a que te impliques<\/strong> y aportes tu granito de arena al espacio no solo econ\u00f3micamente sino tambi\u00e9n arrimando el hombro, estando, haciendo comunidad. Nuestra motivaci\u00f3n no es el lucro, ni queremos generar una cultura jer\u00e1rquica donde siempre las mismas personas \u00absaben\u00bb y proponen y el resto recibe pasivamente. \u00a1La cultura la construimos entre todas y segur\u00edsimo que tienes mucho que aportar!<\/p>\r\n\r\n\r\n\r\n<p>As\u00ed, puedes unirte bajo alguno de estos <strong>v\u00ednculos<\/strong>, y as\u00ed sabremos con qu\u00e9 fuerzas contamos, independientemente de la cuota que decidas aportar:\u00a0<\/p>\r\n<div class=\"su-box su-box-style-default\" id=\"\" style=\"border-color:#6e1b8496;border-radius:3px;\"><div class=\"su-box-title\" style=\"background-color:#6e1b8496;color:#FFFFFF;border-top-left-radius:1px;border-top-right-radius:1px\">V\u00ednculos<\/div><div class=\"su-box-content su-u-clearfix su-u-trim\" style=\"border-bottom-left-radius:1px;border-bottom-right-radius:1px\">\r\n<p><strong>Tiona<\/strong>. S\u00e9 la t\u00eda que da propina y simpatiza mogoll\u00f3n con el proyecto aunque no vengas porque est\u00e1s lejos&#8230; o por lo que sea. \u00a1Apoya un proyecto en el que crees con una donaci\u00f3n o una cuotica al mes!<\/p>\r\n<p><strong>Alparcera<\/strong>. Persona que est\u00e1 de paso, o solo quiere venirse a alg\u00fan taller concreto o actividad. Es la figura a la que no se le pide ninguna aportaci\u00f3n como cuota.\u00a0<\/p>\r\n<p>\r\n\r\n<\/p>\r\n<p><strong>Vecina<\/strong>. \u00a1P\u00e1sate a alparcear, vente a las actividades, echa una mano en tareas de vez en cuando!<\/p>\r\n<p>\r\n\r\n<\/p>\r\n<p><strong>Prima<\/strong>. \u00a1Arr\u00edmate un poco m\u00e1s y hazte prima, prima! Usa el espacio, vente a las actividades, rem\u00e1ngate y m\u00e9tete en alg\u00fan grupo de trabajo.\u00a0<\/p>\r\n<p>\r\n\r\n<\/p>\r\n<p><strong>Amigui<\/strong>. \u00a1\u00a1Impl\u00edcate a tope!! Forma parte de la masa madre que organiza la actividad del CSA, vente a las asambleas, m\u00e9tete en alg\u00fan grupo de trabajo, prop\u00f3n&#8230;<\/div><\/div>\r\n\r\n\r\n\r\n\r\n\r\n<p id=\"asambleas\">Seas Amigui, Prima, Vecina o Tiona&#8230; estas son las asambleas a las que podr\u00edas unirte si quieres poner m\u00e1s energ\u00eda en el espacio (\u00a1\u00a1Uh, qu\u00e9 envidia, vecina!!!)<\/p>\r\n<div class=\"su-box su-box-style-default\" id=\"\" style=\"border-color:#529334de;border-radius:3px;\"><div class=\"su-box-title\" style=\"background-color:#529334de;color:#FFFFFF;border-top-left-radius:1px;border-top-right-radius:1px\">Asembleyas<\/div><div class=\"su-box-content su-u-clearfix su-u-trim\" style=\"border-bottom-left-radius:1px;border-bottom-right-radius:1px\">\r\n<p>&#8211; La <strong>Masa Mai,<\/strong>, <span class=\"\">Es la asamblea organizativa y se re\u00fane una vez al mes, el tercer martes de cada mes a las 18h. En ella se juntan las personas de los colectivos, de los grupos de trabajo y personalidades individuales. Es decir, es una asamblea abierta a todo el mundo que quiera participar de ella en la que se ponen en com\u00fan, se coordinan y se organizan todos los proyectos que conforman A Melonera.\u00a0<\/span><\/p>\r\n<p>\r\n\r\n<\/p>\r\n<p>&#8211; <strong>Grupos de Treballo<\/strong>. <span class=\"\">Son grupos dedicados a las tareas espec\u00edficas de Cuidados, Econom\u00eda, Comunicaci\u00f3n y calendarizaci\u00f3n (Qu\u00e9 Pasa Pues), infraestructura y Kafeta. Estos grupos se re\u00fanen de forma aut\u00f3noma y son a trav\u00e9s de los cuales se le da forma al CSA, atiende a las necesidades del espacio y las personas que participan de \u00e9l.\u00a0<\/span><\/p>\r\n<p>\r\n\r\n<\/p>\r\n<p>&#8211; <span class=\"\"><strong>Colectivos.<\/strong> Son los grupos de personas que realizan actividades concretas, o se juntan para cubrir alguna necesidad social de forma m\u00e1s o menos peri\u00f3dica. Si te interesa formar parte de alguno de los colectivos lo mejor es que te acerques a una actividad propia de ese colectivo, que escribas un mail a csaamelonera@riseup.net, o nos mandes una carta indicando tu inter\u00e9s. Tambi\u00e9n puedes preguntar a las vecinas y vecinos, seguro que alguien conoce a alguien que te acerca al espacio.<\/span><\/p>\r\n\r\n\r\n\r\n\r\n\r\n<\/div><\/div>\r\n<p>Y aqu\u00ed tienes los <a href=\"https:\/\/amelonera.org\/wp-content\/uploads\/2023\/12\/Estatutos-A-Melonera-escaneado.pdf\">estatutos de la asociaci\u00f3n<\/a>, donde hemos reflejado nuestros valores y fines de cara a la formalizaci\u00f3n administrativa.<\/p>\r\n\r\n\r\n\r\n<p id=\"espacio\">Ah! Y otra manera de participar en el espacio es uni\u00e9ndote al <a href=\"https:\/\/amelonera.org\/ara\/espacio-de-trabajo-colectivo\/\"><strong>Espacio de Trabajo Colectivo<\/strong><\/a>!!<\/p>\r\n\r\n\r\n\r\n<p>Ofrecemos un espacio de trabajo cooperativo dentro del CSA para aquellas personas que necesitan un lugar donde desarrollar iniciativas personales que se adecuen a las posibilidades del espacio y concuerden con <a href=\"https:\/\/amelonera.org\/ara\/valores-y-fines\/\">nuestros valores<\/a>.<\/p>\r\n\r\n\r\n\r\n<p>Al ser un espacio colectivo y compartido, reservamos el uso de la sala como espacio de trabajo a las ma\u00f1anas entre semana, y pediremos que las personas que se impliquen desde aqu\u00ed, compartan a cambio sus actividades y saberes a modo de talleres, charlas, actividades, colaboraciones, con el colectivo, gratuitamente&#8230; como m\u00ednimo dos veces al a\u00f1o, y que se impliquen como Vecinas como m\u00ednimo.<br \/>O espacio se ceder\u00e1 a cambio d'una aportaci\u00f3n minima de 40\u20ac\/mes (fueras d\u2019excepcionalidaz a charrar en l'asembleya).<\/p>\r\n\r\n\r\n\r\n<p id=\"convivencia\"><strong>Convivencia<\/strong><\/p>\r\n\r\n\r\n\r\n<p>A Melonera es un espacio que se asienta sobre las bases del <strong>apoyo mutuo y la autogesti\u00f3n<\/strong>. Entre todas debemos cuidarnos para sentirnos c\u00f3modas y a gusto con c\u00f3mo nos tratamos, con los objetivos que nos marcamos, con c\u00f3mo gestionamos las energ\u00edas y las ilusiones. Por tanto, <strong>los cuidados son uno de los grandes ejes<\/strong> sobre los que se asienta A Melonera. Nuestra idea es que se trabajen de forma expl\u00edcita y transversal en todos los momentos.<\/p>\r\n\r\n\r\n\r\n<p>La <strong>transparencia<\/strong> en la comunicaci\u00f3n ser\u00e1 fundamental para asegurar una convivencia saludable. Trabajaremos en la prevenci\u00f3n de conflictos, organizando formaciones internas, tratando de hacer asambleas regenerativas y dando un papel clave a la comunicaci\u00f3n asertiva. Aunque tambi\u00e9n estamos trabajando en un protocolo para tener unos pasos a seguir en caso de que se produzca cualquier conflicto.<\/p>\r\n<p>Para comenzar, os dejamos por aqu\u00ed estas <strong>herramientas para generar una comunicaci\u00f3n consciente y un espacio seguro e inclusivo.<\/strong><\/p>\r\n<div class=\"su-spoiler su-spoiler-style-default su-spoiler-icon-plus su-spoiler-closed\" data-scroll-offset=\"0\" data-anchor-in-url=\"no\"><div class=\"su-spoiler-title\" tabindex=\"0\" role=\"button\"><span class=\"su-spoiler-icon\"><\/span>Herramientas<\/div><div class=\"su-spoiler-content su-u-clearfix su-u-trim\">\r\n<ul>\r\n<li>Hablar en primera persona permiti\u00e9ndonos dudar. No dar por hecho, preguntar desde la curiosidad -&gt; Otredad radical<\/li>\r\n<li>Contribuir a que aparezcan todas las voces, nadie acapara el espacio (tiempo y n\u00famero de intervenciones). Por ejemplo:<br \/>temporalizar las intervenciones y priorizar la intervenci\u00f3n de personas que hablen menos.<\/li>\r\n<li>Nos centramos en el prop\u00f3sito y tema del di\u00e1logo. Cuando alguien saque otro tema redirigimos y apuntamos para despu\u00e9s.<\/li>\r\n<li>Deseo sincero de entendernos, escucha activa y empat\u00eda. Prestamos atenci\u00f3n a lo que se dice en lugar de estar pensando en la<br \/>respuesta.<\/li>\r\n<li>Ser conscientes de nuestros privilegios por el simple hecho de ser<\/li>\r\n<li>Tener en cuenta cu\u00e1ndo y cu\u00e1nto intervengo<\/li>\r\n<li>Confianza en el proceso y las personas<\/li>\r\n<li>Inclusividad: aceptamos todas las personas pero no todas las conductas<\/li>\r\n<li>Renunciar a llevar la raz\u00f3n<\/li>\r\n<\/ul>\r\n<\/div><\/div>\r\n<p>Tenemos tambi\u00e9n un buz\u00f3n de sugerencias para poder depositar deseos, agradecimientos, ideas, quejas y sugerencias de mejora de manera an\u00f3nima. O Puedes <a href=\"https:\/\/amelonera.org\/ara\/contactar\/\">contactarnos<\/a> tambi\u00e9n por otras v\u00edas para hacernos llegar esto,<\/p>\r\n<p>Trabajaremos en un<strong> plan de prevenci\u00f3n de conflictos<\/strong> organizando formaciones internas, haciendo las asambleas regenerativas y dando un papel clave a la comunicaci\u00f3n asertiva (CNV), a la vez que estamos trabajando en un protocolo para tener una gu\u00eda a seguir en<br \/>caso de que se produzca cualquier tipo de conflicto.<\/p>\r\n\r\n\r\n\r\n<p>Aunque no descartamos que hay muchos m\u00e1s melones por abrir sobre convivencia, hay varios que ya se han abierto, y con algunos de ellos hemos llegado a consensos:<\/p>\r\n\r\n\r\n\r\n<ul class=\"wp-block-list\">\r\n<li>A Melonera se define como espacio libre de humo y de alcohol, para desarrollar un ocio alternativo integral disociado del consumo de drogas.<\/li>\r\n<li>Si puedes, deja a tu perrete en casa.<\/li>\r\n<\/ul>\r\n<p id=\"cuidados\"><strong>Cuidados <\/strong><\/p>\r\n<p>Creemos que generar, promover y mantener una cultura de cuidados es <strong>tarea de todes<\/strong>, que los cuidados son una <strong>responsabilidad colectiva<\/strong>.<\/p>\r\n<p>Podemos cuidar las energ\u00edas, los tiempos, las necesidades, los v\u00ednculos, el espacio, las voces&#8230; Para ello nos ayudar\u00e1 tener integradas ciertas din\u00e1micas para que el cuidar no pase desapercibido y tenga a todas en cuenta.<\/p>\r\n<p>Aunque la realidad actual es que algunas de nosotras tenemos dudas sobre c\u00f3mo integrar los cuidados en ciertas ocasiones. Por eso, vemos esencial que estos primeros meses un grupo de personas se encargue de integrar din\u00e1micas y pensar formaciones. Para autoformarnos y que todas las personas que integremos A Melonera podamos adoptar un papel activo y comprometido con los cuidamos y los consigamos integrar de manera colectiva.<\/p>\r\n<p>Por ahora tenemos una serie de <strong>propuestas para cuidarnos: <\/strong><\/p>\r\n<p><u>1. Autoformaciones y jornadas de cuidados colectivos.<br \/><\/u><\/p>\r\n<p><u>2. Buz\u00f3n de cuidados: <\/u><strong><br \/><\/strong>Lugar donde dejar notas an\u00f3nimas que expresen cualquier cuesti\u00f3n que a la persona le cueste de expresar abiertamente en el grupo. Pueden ser molestias, malestares, miedos, pero tambi\u00e9n tienen cabida ilusiones, declaraciones de amor al grupo&#8230; Las notas se leer\u00e1n antes de empezar a tratar con puntos m\u00e1s organizativos en la asamblea para, en caso que fuera necesario, tratarlos conjuntamente. <br \/>* Se parte de la buena intenci\u00f3n y voluntad de todas las personas que participen de \u00e9l.<br \/>* Intentaremos NO SATURAR este buz\u00f3n ya que demasiada informaci\u00f3n puede ser dif\u00edcil de procesar en poco tiempo.\u00a0<\/p>\r\n<p><u>3. En asambleas: <\/u><strong><br \/><\/strong>&#8211; Reservar tiempos al principio y al final para hacer <u>rondas de inicio \u00abc\u00f3mo me encuentro\u00bb y rondas finales de \u00abc\u00f3mo me quedo\u00bb<\/u>.\u00a0 Con perspectiva tambi\u00e9n de auto cr\u00edtica. <br \/>&#8211; El<u> horario<\/u> de convocatoria de las asambleas es algo a tener en cuenta. Es importante que despu\u00e9s de la asamblea exista un <u>tiempo para compartir en formato distendido y divertido<\/u> para mejorar la cohesi\u00f3n del grupo. Podr\u00eda ser una cena o merienda de alforja.\u00a0<\/p>\r\n<p>&nbsp;<\/p>","protected":false},"excerpt":{"rendered":"<p>\u00a1Puedes vincularte de muchas formas con A Melonera! Socias y cuotas V\u00ednculos Asambleas Espacio de trabajo colectivo Convivencia Cuidados Puedes seguirnos en redes sociales y &hellip;<\/p>","protected":false},"author":1,"featured_media":0,"parent":0,"menu_order":0,"comment_status":"closed","ping_status":"closed","template":"","meta":{"footnotes":""},"class_list":["post-42","page","type-page","status-publish","hentry"],"_links":{"self":[{"href":"https:\/\/amelonera.org\/ara\/wp-json\/wp\/v2\/pages\/42","targetHints":{"allow":["GET"]}}],"collection":[{"href":"https:\/\/amelonera.org\/ara\/wp-json\/wp\/v2\/pages"}],"about":[{"href":"https:\/\/amelonera.org\/ara\/wp-json\/wp\/v2\/types\/page"}],"author":[{"embeddable":true,"href":"https:\/\/amelonera.org\/ara\/wp-json\/wp\/v2\/users\/1"}],"replies":[{"embeddable":true,"href":"https:\/\/amelonera.org\/ara\/wp-json\/wp\/v2\/comments?post=42"}],"version-history":[{"count":14,"href":"https:\/\/amelonera.org\/ara\/wp-json\/wp\/v2\/pages\/42\/revisions"}],"predecessor-version":[{"id":1012,"href":"https:\/\/amelonera.org\/ara\/wp-json\/wp\/v2\/pages\/42\/revisions\/1012"}],"wp:attachment":[{"href":"https:\/\/amelonera.org\/ara\/wp-json\/wp\/v2\/media?parent=42"}],"curies":[{"name":"wp","href":"https:\/\/api.w.org\/{rel}","templated":true}]}}